{"id":3005478,"date":"2015-06-16T00:00:00","date_gmt":"2018-01-22T00:00:00","guid":{"rendered":""},"modified":"2025-08-12T07:27:11","modified_gmt":"2025-08-12T06:27:11","slug":"elabo-szafy-do-pomieszczen-laboratoryjnych-i-biurowych","status":"publish","type":"product","link":"https:\/\/merazet.pl\/en\/product\/elabo-szafy-do-pomieszczen-laboratoryjnych-i-biurowych\/","title":{"rendered":"Szafy do pomieszcze\u0144 laboratoryjnych i biurowych &#8211; ELAB"},"content":{"rendered":"<h2>Szafy do pomieszcze\u0144 laboratoryjnych i biurowych<\/h2>\n<p>W ofercie firmy&nbsp;Elabo wyst\u0119puje du\u017ca&nbsp;liczba&nbsp;szaf wysokich i szaf bocznych przeznaczonych do&nbsp;pomieszcze\u0144 laboratoryjnych i biurowych. Wn\u0119trza&nbsp;szaf wysokich&nbsp;mo\u017cna dowolnie skonfigurowa\u0107 korzystaj\u0105c&nbsp;z&nbsp;r&oacute;\u017cnych opcji wyposa\u017cenia, takich jak: p&oacute;\u0142ki, szuflady, wieszaki, szuflady na dokumenty. Szafy i szafki boczne zapewniaj\u0105&nbsp;odpowiednie przechowywanie (ochron\u0119 przed kurzem i brudem) i szybki dost\u0119p do urz\u0105dze\u0144 i materia\u0142&oacute;w znajduj\u0105cych si\u0119 w ich wn\u0119trzu. Dodatkowo, dzi\u0119ki zamkom,&nbsp;szafy chroni\u0105 urz\u0105dzenia i materia\u0142y&nbsp;przed dost\u0119pem os&oacute;b postronnych.<\/p>\n<h4>Features:<\/h4>\n<ul>\n<li>Szafy wykonane z wytrzyma\u0142ej 19 &#8211; milimetrowej p\u0142yty wi&oacute;rowej pokrytej laminatem melaminowym odpornym na zadrapania oraz dzia\u0142anie kwas&oacute;w i zasad<\/li>\n<li>Kraw\u0119dzie p\u0142yt wi&oacute;rowych zako\u0144czone s\u0105 wytrzyma\u0142\u0105 2 &#8211; milimetrow\u0105 oklein\u0105<\/li>\n<li>Standardowym kolorem mebli jest kolor jasnoszary, opcjonalnie dost\u0119pne s\u0105 kolory: klon, buk<\/li>\n<li>Dost\u0119pne s\u0105 szafy posiadaj\u0105ce&nbsp;aluminiowe profile na&nbsp;rogach pasuj\u0105ce kolorystycznie do&nbsp;systemu InForm, dodatkowo do&nbsp;profili mo\u017cna mocowa\u0107 akcesoria np. lampki&nbsp;<\/li>\n<li>Regulowane stopki&nbsp;umo\u017cliwiaj\u0105 postawienie szafy na nier&oacute;wnej powierzchni<\/li>\n<li>Szeroki k\u0105t otwarcia drzwi do 270&ordm;<\/li>\n<li>Dla szaf wysokich dost\u0119pne s\u0105 szklane, otwierane&nbsp;drzwi (\u0142atwe lokalizowanie przedmiot&oacute;w w szafie) lub drzwi przesuwne (doskona\u0142e do ciasnych pomieszcze\u0144), w szafach bocznych wyst\u0119puj\u0105 tak\u017ce drzwi roletowe<\/li>\n<li>Na szafach wysokich&nbsp;mo\u017cna zmontowa\u0107 dodatkowe szafki zwi\u0119kszaj\u0105ce powierzchnie u\u017cytkow\u0105,&nbsp;zwy\u017cki i ruchome drabinki u\u0142atwiaj\u0105 dost\u0119p do wy\u017cszych p&oacute;\u0142ek<\/li>\n<li>Sztywna tylna \u015bciana w szafach pozwala wykorzysta\u0107 ty\u0142 szafy&nbsp;do cel&oacute;w informacyjnych tworz\u0105c miejsce na np.: tablic\u0119 korkow\u0105, metalow\u0105, tablice na magnesy<\/li>\n<li>Mo\u017cliwo\u015b\u0107 w\u0142asnej zabudowy wn\u0119trza szafy wykorzystuj\u0105c gotowe elementy: p&oacute;\u0142ki, szuflady, wieszaki na ubrania itp (rozstaw mocowa\u0144 32 mm)<\/li>\n<li>Metalowe, \u0142o\u017cyskowane prowadnice szuflad zwi\u0119kszaj\u0105 obci\u0105\u017calno\u015b\u0107 szuflad<\/li>\n<li>Integracja zamk&oacute;w w uchwytach oraz&nbsp;sk\u0142adane&nbsp;klucze<\/li>\n<li>Dost\u0119pny&nbsp;klucz g\u0142&oacute;wny, kt&oacute;rym mo\u017cna otworzy\u0107 wszystkie zamki w meblach<\/li>\n<li>Opcjonalnie dost\u0119pne elektroniczne zamki zbli\u017ceniowe<\/li>\n<\/ul>\n<table border=\"0\" cellspacing=\"1\" cellpadding=\"1\">\n<tbody>\n<tr>\n<td colspan=\"2\"><img decoding=\"async\" src=\"http:\/\/ndn.com.pl\/Zdjecia_do_opisow\/ELABO\/Storage\/Storage%201.PNG\" alt=\"\" \/>?<\/td>\n<\/tr>\n<tr>\n<td colspan=\"2\">Przyk\u0142ad zabudowy sali laboratoryjnej.<\/td>\n<\/tr>\n<tr>\n<td colspan=\"2\"><img decoding=\"async\" src=\"http:\/\/ndn.com.pl\/Zdjecia_do_opisow\/ELABO\/Storage\/Storage%202.PNG\" alt=\"\" \/><\/td>\n<\/tr>\n<tr>\n<td colspan=\"2\">Przyk\u0142ad zabudowy biura.<\/td>\n<\/tr>\n<\/tbody>\n<\/table>\n<h3>Szafy wysokie<\/h3>\n<table border=\"0\" cellspacing=\"1\" cellpadding=\"1\">\n<tbody>\n<tr>\n<td><img decoding=\"async\" src=\"http:\/\/ndn.com.pl\/Zdjecia_do_opisow\/ELABO\/Storage\/Storage%203.PNG\" alt=\"\" \/><\/td>\n<td><img decoding=\"async\" src=\"http:\/\/ndn.com.pl\/Zdjecia_do_opisow\/ELABO\/Storage\/Storage%204.PNG\" alt=\"\" \/><\/td>\n<\/tr>\n<tr>\n<td>\n<p>Szafa wysoka z pojedynczymi drzwiami&nbsp;z p\u0142yty wi&oacute;rowej i drzwiami&nbsp;szklanymi (element bazowy).&nbsp;<\/p>\n<p>Szeroko\u015b\u0107: 500 mm, 520 mm, 1000 mm, 1020 mm<\/p>\n<p>G\u0142\u0119boko\u015b\u0107: 600 mm<\/p>\n<p>Wysoko\u015b\u0107: 2045 mm<\/p>\n<\/td>\n<td>\n<p>Szafa wysoka z podw&oacute;jnymi&nbsp;drzwiami&nbsp;z p\u0142yty wi&oacute;rowej&nbsp;i drzwiami szklanymi i (element bazowy).&nbsp;<\/p>\n<p>Szeroko\u015b\u0107: 500 mm, 520 mm, 1000 mm, 1020 mm<\/p>\n<p>G\u0142\u0119boko\u015b\u0107: 600 mm<\/p>\n<p>Wysoko\u015b\u0107: 2045 mm<\/p>\n<\/td>\n<\/tr>\n<tr>\n<td><img decoding=\"async\" src=\"http:\/\/ndn.com.pl\/Zdjecia_do_opisow\/ELABO\/Storage\/Storage%205.PNG\" alt=\"\" \/><\/td>\n<td><img decoding=\"async\" src=\"http:\/\/ndn.com.pl\/Zdjecia_do_opisow\/ELABO\/Storage\/Storage%207.PNG\" alt=\"\" \/><\/td>\n<\/tr>\n<tr>\n<td>\n<p>Szafa wysoka naro\u017cna z pi\u0119cioma p&oacute;\u0142kami.&nbsp;<\/p>\n<p>Wymiary (szer. x g\u0142. x wys.):&nbsp;965 mm x 600 mm x 2045 mm.<\/p>\n<\/td>\n<td>\n<p>Nadstawki na szafy wysokie.&nbsp;<\/p>\n<p>Wymiary&nbsp;szer. i&nbsp;g\u0142. takie same jak wymiary szaf, wys. do 980 mm (na zam&oacute;wienie).<\/p>\n<\/td>\n<\/tr>\n<tr>\n<td><img decoding=\"async\" src=\"http:\/\/ndn.com.pl\/Zdjecia_do_opisow\/ELABO\/Storage\/Storage%206.PNG\" alt=\"\" \/><\/td>\n<td><img decoding=\"async\" src=\"http:\/\/ndn.com.pl\/Zdjecia_do_opisow\/ELABO\/Storage\/Storage%208.PNG\" alt=\"\" \/><\/td>\n<\/tr>\n<tr>\n<td>\n<p>Szafa wysoka z drzwiami przesuwnymi.&nbsp;<\/p>\n<p>Wymiary (szer. x g\u0142. x wys.):&nbsp;1220 mm x 600 mm x 2045 mm<\/p>\n<\/td>\n<td>\n<p>\u015aciana \u015brodkowa (element bazowy&nbsp;do szafy dwudrzwiowej).<\/p>\n<\/td>\n<\/tr>\n<tr>\n<td><img decoding=\"async\" src=\"http:\/\/ndn.com.pl\/Zdjecia_do_opisow\/ELABO\/Storage\/Storage%209.PNG\" alt=\"\" \/><\/td>\n<td><img decoding=\"async\" src=\"http:\/\/ndn.com.pl\/Zdjecia_do_opisow\/ELABO\/Storage\/Storage%2010.PNG\" alt=\"\" \/><\/td>\n<\/tr>\n<tr>\n<td>\n<p>P&oacute;\u0142ki do szaf. Mog\u0105 by\u0107 wykonane z metalu lub p\u0142yty wi&oacute;rowej o grubo\u015bci 19 mm lub 25 mm. Obci\u0105\u017calno\u015b\u0107 od 25 kg do 100 kg (zale\u017cy od materia\u0142u z jakiego wykonana jest p&oacute;\u0142ka oraz od jej wymiar&oacute;w).&nbsp;<\/p>\n<\/td>\n<td>\n<p>P&oacute;\u0142ki z prowadnicami. Maksymalne obci\u0105\u017cenie 27 kg lub 47 kg.<\/p>\n<\/td>\n<\/tr>\n<tr>\n<td><img decoding=\"async\" src=\"http:\/\/ndn.com.pl\/Zdjecia_do_opisow\/ELABO\/Storage\/Storage%2011.PNG\" alt=\"\" \/><\/td>\n<td><img decoding=\"async\" src=\"http:\/\/ndn.com.pl\/Zdjecia_do_opisow\/ELABO\/Storage\/Storage%2012.PNG\" alt=\"\" \/><\/td>\n<\/tr>\n<tr>\n<td>\n<p>P&oacute;\u0142ki pokryte rowkowan\u0105 mat\u0105 PCV o grubo\u015bci 10 mm.<\/p>\n<\/td>\n<td>\n<p>Wewn\u0119trzne szuflady. Obci\u0105\u017cenie 25 kg, 60 kg, 70 kg (w zale\u017cno\u015bci od wymiar&oacute;w).<\/p>\n<\/td>\n<\/tr>\n<tr>\n<td><img decoding=\"async\" src=\"http:\/\/ndn.com.pl\/Zdjecia_do_opisow\/ELABO\/Storage\/Storage%2013.PNG\" alt=\"\" \/><\/td>\n<td><img decoding=\"async\" src=\"http:\/\/ndn.com.pl\/Zdjecia_do_opisow\/ELABO\/Storage\/Storage%2014.PNG\" alt=\"\" \/><\/td>\n<\/tr>\n<tr>\n<td>Wysuwany uchwyt na dokumenty formatu A4.<\/td>\n<td>Dr\u0105\u017cek na wieszaki do ubra\u0144 (wersja tradycyjna i zintegrowana z p&oacute;\u0142k\u0105)<\/td>\n<\/tr>\n<tr>\n<td><img decoding=\"async\" src=\"http:\/\/ndn.com.pl\/Zdjecia_do_opisow\/ELABO\/Storage\/Storage%2015.PNG\" alt=\"\" \/><\/td>\n<td><img decoding=\"async\" src=\"http:\/\/ndn.com.pl\/Zdjecia_do_opisow\/ELABO\/Storage\/Storage%2016.PNG\" alt=\"\" \/><\/td>\n<\/tr>\n<tr>\n<td>Sto\u0142ek u\u0142atwiaj\u0105cy dost\u0119p do wy\u017cszych p&oacute;\u0142ek.<\/td>\n<td>Ruchoma drabina wraz z prowadzeniem.<\/td>\n<\/tr>\n<tr>\n<td><img decoding=\"async\" src=\"http:\/\/ndn.com.pl\/Zdjecia_do_opisow\/ELABO\/Storage\/Storage%2017.PNG\" alt=\"\" \/><\/td>\n<td><img decoding=\"async\" src=\"http:\/\/ndn.com.pl\/Zdjecia_do_opisow\/ELABO\/Storage\/Storage%2018.PNG\" alt=\"\" \/><\/td>\n<\/tr>\n<tr>\n<td>Klucz g\u0142&oacute;wny Master.<\/td>\n<td>Transponder do zamka zbli\u017ceniowego.<\/td>\n<\/tr>\n<\/tbody>\n<\/table>\n<h3>Szafy boczne<\/h3>\n<table border=\"0\" cellspacing=\"1\" cellpadding=\"1\">\n<tbody>\n<tr>\n<td><img decoding=\"async\" src=\"http:\/\/ndn.com.pl\/Zdjecia_do_opisow\/ELABO\/Storage\/Storage%2019.PNG\" alt=\"\" \/><\/td>\n<td><img decoding=\"async\" src=\"http:\/\/ndn.com.pl\/Zdjecia_do_opisow\/ELABO\/Storage\/Storage%2020.PNG\" alt=\"\" \/><\/td>\n<\/tr>\n<tr>\n<td>\n<p>Szafy boczne otwarte.<\/p>\n<p>Szeroko\u015b\u0107: 420 mm, 820 mm, 1200 mm<\/p>\n<p>G\u0142\u0119boko\u015b\u0107: 440 mm, 600 mm<\/p>\n<p>Wysoko\u015b\u0107: 720 mm, 1100 mm<\/p>\n<\/td>\n<td>\n<p>Szafa&nbsp;boczna z tradycyjnymi drzwiami.<\/p>\n<p>Szeroko\u015b\u0107: 820 mm<\/p>\n<p>G\u0142\u0119boko\u015b\u0107: 440 mm, 600 mm<\/p>\n<p>Wysoko\u015b\u0107: 720 mm<\/p>\n<\/td>\n<\/tr>\n<tr>\n<td><img decoding=\"async\" src=\"http:\/\/ndn.com.pl\/Zdjecia_do_opisow\/ELABO\/Storage\/Storage%2021.PNG\" alt=\"\" \/><\/td>\n<td><img decoding=\"async\" src=\"http:\/\/ndn.com.pl\/Zdjecia_do_opisow\/ELABO\/Storage\/Storage%2022.PNG\" alt=\"\" \/><\/td>\n<\/tr>\n<tr>\n<td>\n<p>Szafa&nbsp;boczna naro\u017cna.<\/p>\n<p>Szeroko\u015b\u0107:&nbsp;765 mm, 965 mm<\/p>\n<p>G\u0142\u0119boko\u015b\u0107: 440 mm, 600 mm<\/p>\n<p>Wysoko\u015b\u0107: 720 mm<\/p>\n<\/td>\n<td>\n<p>Szafy boczne z drzwiami przesuwanymi.<\/p>\n<p>Szeroko\u015b\u0107:&nbsp;820 mm, 1200 mm<\/p>\n<p>G\u0142\u0119boko\u015b\u0107: 440 mm, 600 mm<\/p>\n<p>Wysoko\u015b\u0107: 720 mm, 1100 mm<\/p>\n<\/td>\n<\/tr>\n<tr>\n<td><img decoding=\"async\" src=\"http:\/\/ndn.com.pl\/Zdjecia_do_opisow\/ELABO\/Storage\/Storage%2023.PNG\" alt=\"\" \/><\/td>\n<td><img decoding=\"async\" src=\"http:\/\/ndn.com.pl\/Zdjecia_do_opisow\/ELABO\/Storage\/Storage%2024.PNG\" alt=\"\" \/><\/td>\n<\/tr>\n<tr>\n<td>\n<p>Szafy boczne z drzwiami roletowymi .<\/p>\n<p>Szeroko\u015b\u0107:&nbsp;820 mm, 1200 mm<\/p>\n<p>G\u0142\u0119boko\u015b\u0107: 440 mm, 600 mm<\/p>\n<p>Wysoko\u015b\u0107: 720 mm, 1100 mm<\/p>\n<\/td>\n<td>&nbsp;<\/td>\n<\/tr>\n<\/tbody>\n<\/table>\n<table border=\"0\" cellspacing=\"1\" cellpadding=\"1\">\n<tbody>\n<tr>\n<td><img decoding=\"async\" src=\"http:\/\/ndn.com.pl\/Zdjecia_do_opisow\/ELABO\/EcoTec\/Mobile%201.PNG\" alt=\"\" \/><\/td>\n<td><img decoding=\"async\" src=\"http:\/\/ndn.com.pl\/Zdjecia_do_opisow\/ELABO\/EcoTec\/Mobile%202.PNG\" alt=\"\" \/><\/td>\n<\/tr>\n<tr>\n<td>W&oacute;zek laboratoryjny z blatem i p&oacute;\u0142k\u0105 z p\u0142yty wi&oacute;rowej (dostepna wersja ESD).<\/td>\n<td>W&oacute;zek laboratoryjny z blatem i p&oacute;\u0142k\u0105 z p\u0142yty wi&oacute;rowej oraz z dodatkow\u0105 szafk\u0105 z dwoma szufladami.<\/td>\n<\/tr>\n<tr>\n<td><img decoding=\"async\" src=\"http:\/\/ndn.com.pl\/Zdjecia_do_opisow\/ELABO\/EcoTec\/Mobile%203.PNG\" alt=\"\" \/><\/td>\n<td><img decoding=\"async\" src=\"http:\/\/ndn.com.pl\/Zdjecia_do_opisow\/ELABO\/EcoTec\/Mobile%204.PNG\" alt=\"\" \/><\/td>\n<\/tr>\n<tr>\n<td>W&oacute;zek laboratoryjny z blatem i p&oacute;\u0142k\u0105 z 14 warstwowej sklejki drewnianej (gl\u0119boko\u015b\u0107 &#8211; 900 mm).<\/td>\n<td>W&oacute;zek laboratoryjny z blatem i p&oacute;\u0142k\u0105 z 14 warstwowej sklejki drewnianej oraz z dodatkow\u0105 szafk\u0105 z dwoma szufladami&nbsp;(gl\u0119boko\u015b\u0107 &#8211; 900 mm).<\/td>\n<\/tr>\n<\/tbody>\n<\/table>","protected":false},"excerpt":{"rendered":"<p>Szafy do pomieszcze\u0144 laboratoryjnych i biurowych W ofercie firmy&nbsp;Elabo [&hellip;]<\/p>\n","protected":false},"featured_media":3408804,"template":"","meta":{"_acf_changed":false,"_members_access_role":[],"_members_access_error":""},"product_brand":[3022453],"product_cat":[3002473],"product_tag":[3016170,3015851,3015809],"class_list":["post-3005478","product","type-product","status-publish","has-post-thumbnail","product_brand-elabo","product_cat-meble-montazowe-elabo","product_tag-meble-montazowe-elabo","product_tag-stoly-elektrotechniczne-montazowe","product_tag-zestawy-edukacyjne-stoly-elektrotechniczne","first","onbackorder","taxable","shipping-taxable","product-type-simple"],"acf":[],"yoast_head":"<!-- This site is optimized with the Yoast SEO plugin v28.4 - https:\/\/yoast.com\/product\/yoast-seo-wordpress\/ -->\n<title>Szafy do pomieszcze\u0144 laboratoryjnych i biurowych - ELAB - Merazet<\/title>\n<meta name=\"description\" content=\"Szafy do pomieszcze\u0144 laboratoryjnych i biurowych - ELAB. Sprawd\u017a cen\u0119 i parametry techniczne. Szczeg\u00f3\u0142y na Merazet.pl\" \/>\n<meta name=\"robots\" content=\"noindex, follow\" \/>\n<meta property=\"og:locale\" content=\"en_GB\" \/>\n<meta property=\"og:type\" content=\"article\" \/>\n<meta property=\"og:title\" content=\"Szafy do pomieszcze\u0144 laboratoryjnych i biurowych - ELAB - Merazet\" \/>\n<meta property=\"og:description\" content=\"Szafy do pomieszcze\u0144 laboratoryjnych i biurowych - ELAB. Sprawd\u017a cen\u0119 i parametry techniczne. Szczeg\u00f3\u0142y na Merazet.pl\" \/>\n<meta property=\"og:url\" content=\"https:\/\/merazet.pl\/en\/product\/elabo-szafy-do-pomieszczen-laboratoryjnych-i-biurowych\/\" \/>\n<meta property=\"og:site_name\" content=\"Merazet Pozna\u0144\" \/>\n<meta property=\"article:modified_time\" content=\"2025-08-12T06:27:11+00:00\" \/>\n<meta property=\"og:image\" content=\"https:\/\/merazet.pl\/wp-content\/uploads\/11f9fbe2ddf83590_large-1.jpg\" \/>\n\t<meta property=\"og:image:width\" content=\"800\" \/>\n\t<meta property=\"og:image:height\" content=\"600\" \/>\n\t<meta property=\"og:image:type\" content=\"image\/jpeg\" \/>\n<meta name=\"twitter:label1\" content=\"Estimated reading time\" \/>\n\t<meta name=\"twitter:data1\" content=\"4 minutes\" \/>\n<script type=\"application\/ld+json\" class=\"yoast-schema-graph\">{\"@context\":\"https:\\\/\\\/schema.org\",\"@graph\":[{\"@type\":\"WebPage\",\"@id\":\"https:\\\/\\\/merazet.pl\\\/produkt\\\/elabo-szafy-do-pomieszczen-laboratoryjnych-i-biurowych\\\/\",\"url\":\"https:\\\/\\\/merazet.pl\\\/produkt\\\/elabo-szafy-do-pomieszczen-laboratoryjnych-i-biurowych\\\/\",\"name\":\"Szafy do pomieszcze\u0144 laboratoryjnych i biurowych - ELAB - Merazet\",\"isPartOf\":{\"@id\":\"https:\\\/\\\/merazet.pl\\\/#website\"},\"primaryImageOfPage\":{\"@id\":\"https:\\\/\\\/merazet.pl\\\/produkt\\\/elabo-szafy-do-pomieszczen-laboratoryjnych-i-biurowych\\\/#primaryimage\"},\"image\":{\"@id\":\"https:\\\/\\\/merazet.pl\\\/produkt\\\/elabo-szafy-do-pomieszczen-laboratoryjnych-i-biurowych\\\/#primaryimage\"},\"thumbnailUrl\":\"https:\\\/\\\/merazet.pl\\\/wp-content\\\/uploads\\\/11f9fbe2ddf83590_large-1.jpg\",\"datePublished\":\"2018-01-22T00:00:00+00:00\",\"dateModified\":\"2025-08-12T06:27:11+00:00\",\"description\":\"Szafy do pomieszcze\u0144 laboratoryjnych i biurowych - ELAB. Sprawd\u017a cen\u0119 i parametry techniczne. Szczeg\u00f3\u0142y na Merazet.pl\",\"breadcrumb\":{\"@id\":\"https:\\\/\\\/merazet.pl\\\/produkt\\\/elabo-szafy-do-pomieszczen-laboratoryjnych-i-biurowych\\\/#breadcrumb\"},\"inLanguage\":\"en-GB\",\"potentialAction\":[{\"@type\":\"ReadAction\",\"target\":[\"https:\\\/\\\/merazet.pl\\\/produkt\\\/elabo-szafy-do-pomieszczen-laboratoryjnych-i-biurowych\\\/\"]}]},{\"@type\":\"ImageObject\",\"inLanguage\":\"en-GB\",\"@id\":\"https:\\\/\\\/merazet.pl\\\/produkt\\\/elabo-szafy-do-pomieszczen-laboratoryjnych-i-biurowych\\\/#primaryimage\",\"url\":\"https:\\\/\\\/merazet.pl\\\/wp-content\\\/uploads\\\/11f9fbe2ddf83590_large-1.jpg\",\"contentUrl\":\"https:\\\/\\\/merazet.pl\\\/wp-content\\\/uploads\\\/11f9fbe2ddf83590_large-1.jpg\",\"width\":800,\"height\":600,\"caption\":\"ELABO - Szafy do pomieszcze\u0144 laboratoryjnych i biurowych\"},{\"@type\":\"BreadcrumbList\",\"@id\":\"https:\\\/\\\/merazet.pl\\\/produkt\\\/elabo-szafy-do-pomieszczen-laboratoryjnych-i-biurowych\\\/#breadcrumb\",\"itemListElement\":[{\"@type\":\"ListItem\",\"position\":1,\"name\":\"Oferta\",\"item\":\"https:\\\/\\\/merazet.pl\\\/oferta\\\/\"},{\"@type\":\"ListItem\",\"position\":2,\"name\":\"Szafy do pomieszcze\u0144 laboratoryjnych i biurowych &#8211; ELAB\"}]},{\"@type\":\"WebSite\",\"@id\":\"https:\\\/\\\/merazet.pl\\\/#website\",\"url\":\"https:\\\/\\\/merazet.pl\\\/\",\"name\":\"Merazet Pozna\u0144\",\"description\":\"Sprzeda\u017c i serwis aparatury kontrolno-pomiarowej, urz\u0105dze\u0144 laboratoryjnych, element\u00f3w automatyki, miernik\u00f3w wielko\u015bci elektrycznych i nieelektrycznych oraz urz\u0105dze\u0144 dla budownictwa i geodezji. Naprawy serwisowe, wzorcowania, kalibracje, przegl\u0105dy i konserwacje. Jako\u015b\u0107 potwierdzona certyfikatem ISO 9001.\",\"publisher\":{\"@id\":\"https:\\\/\\\/merazet.pl\\\/#organization\"},\"alternateName\":\"Merazet S.A.\",\"potentialAction\":[{\"@type\":\"SearchAction\",\"target\":{\"@type\":\"EntryPoint\",\"urlTemplate\":\"https:\\\/\\\/merazet.pl\\\/?s={search_term_string}\"},\"query-input\":{\"@type\":\"PropertyValueSpecification\",\"valueRequired\":true,\"valueName\":\"search_term_string\"}}],\"inLanguage\":\"en-GB\"},{\"@type\":\"Organization\",\"@id\":\"https:\\\/\\\/merazet.pl\\\/#organization\",\"name\":\"MERAZET Sp\u00f3\u0142ka Akcyjna\",\"alternateName\":\"Merazet\",\"url\":\"https:\\\/\\\/merazet.pl\\\/\",\"logo\":{\"@type\":\"ImageObject\",\"inLanguage\":\"en-GB\",\"@id\":\"https:\\\/\\\/merazet.pl\\\/#\\\/schema\\\/logo\\\/image\\\/\",\"url\":\"https:\\\/\\\/merazet.pl\\\/wp-content\\\/uploads\\\/2021\\\/12\\\/merazet-transparent-logo-1.png\",\"contentUrl\":\"https:\\\/\\\/merazet.pl\\\/wp-content\\\/uploads\\\/2021\\\/12\\\/merazet-transparent-logo-1.png\",\"width\":200,\"height\":54,\"caption\":\"MERAZET Sp\u00f3\u0142ka Akcyjna\"},\"image\":{\"@id\":\"https:\\\/\\\/merazet.pl\\\/#\\\/schema\\\/logo\\\/image\\\/\"}}]}<\/script>\n<!-- \/ Yoast SEO plugin. -->","yoast_head_json":{"title":"Szafy do pomieszcze\u0144 laboratoryjnych i biurowych - ELAB - Merazet","description":"Szafy do pomieszcze\u0144 laboratoryjnych i biurowych - ELAB. Sprawd\u017a cen\u0119 i parametry techniczne. Szczeg\u00f3\u0142y na Merazet.pl","robots":{"index":"noindex","follow":"follow"},"og_locale":"en_GB","og_type":"article","og_title":"Szafy do pomieszcze\u0144 laboratoryjnych i biurowych - ELAB - Merazet","og_description":"Szafy do pomieszcze\u0144 laboratoryjnych i biurowych - ELAB. Sprawd\u017a cen\u0119 i parametry techniczne. Szczeg\u00f3\u0142y na Merazet.pl","og_url":"https:\/\/merazet.pl\/en\/product\/elabo-szafy-do-pomieszczen-laboratoryjnych-i-biurowych\/","og_site_name":"Merazet Pozna\u0144","article_modified_time":"2025-08-12T06:27:11+00:00","og_image":[{"width":800,"height":600,"url":"https:\/\/merazet.pl\/wp-content\/uploads\/11f9fbe2ddf83590_large-1.jpg","type":"image\/jpeg"}],"twitter_misc":{"Estimated reading time":"4 minutes"},"schema":{"@context":"https:\/\/schema.org","@graph":[{"@type":"WebPage","@id":"https:\/\/merazet.pl\/produkt\/elabo-szafy-do-pomieszczen-laboratoryjnych-i-biurowych\/","url":"https:\/\/merazet.pl\/produkt\/elabo-szafy-do-pomieszczen-laboratoryjnych-i-biurowych\/","name":"Szafy do pomieszcze\u0144 laboratoryjnych i biurowych - ELAB - Merazet","isPartOf":{"@id":"https:\/\/merazet.pl\/#website"},"primaryImageOfPage":{"@id":"https:\/\/merazet.pl\/produkt\/elabo-szafy-do-pomieszczen-laboratoryjnych-i-biurowych\/#primaryimage"},"image":{"@id":"https:\/\/merazet.pl\/produkt\/elabo-szafy-do-pomieszczen-laboratoryjnych-i-biurowych\/#primaryimage"},"thumbnailUrl":"https:\/\/merazet.pl\/wp-content\/uploads\/11f9fbe2ddf83590_large-1.jpg","datePublished":"2018-01-22T00:00:00+00:00","dateModified":"2025-08-12T06:27:11+00:00","description":"Szafy do pomieszcze\u0144 laboratoryjnych i biurowych - ELAB. Sprawd\u017a cen\u0119 i parametry techniczne. Szczeg\u00f3\u0142y na Merazet.pl","breadcrumb":{"@id":"https:\/\/merazet.pl\/produkt\/elabo-szafy-do-pomieszczen-laboratoryjnych-i-biurowych\/#breadcrumb"},"inLanguage":"en-GB","potentialAction":[{"@type":"ReadAction","target":["https:\/\/merazet.pl\/produkt\/elabo-szafy-do-pomieszczen-laboratoryjnych-i-biurowych\/"]}]},{"@type":"ImageObject","inLanguage":"en-GB","@id":"https:\/\/merazet.pl\/produkt\/elabo-szafy-do-pomieszczen-laboratoryjnych-i-biurowych\/#primaryimage","url":"https:\/\/merazet.pl\/wp-content\/uploads\/11f9fbe2ddf83590_large-1.jpg","contentUrl":"https:\/\/merazet.pl\/wp-content\/uploads\/11f9fbe2ddf83590_large-1.jpg","width":800,"height":600,"caption":"ELABO - Szafy do pomieszcze\u0144 laboratoryjnych i biurowych"},{"@type":"BreadcrumbList","@id":"https:\/\/merazet.pl\/produkt\/elabo-szafy-do-pomieszczen-laboratoryjnych-i-biurowych\/#breadcrumb","itemListElement":[{"@type":"ListItem","position":1,"name":"Oferta","item":"https:\/\/merazet.pl\/oferta\/"},{"@type":"ListItem","position":2,"name":"Szafy do pomieszcze\u0144 laboratoryjnych i biurowych &#8211; ELAB"}]},{"@type":"WebSite","@id":"https:\/\/merazet.pl\/#website","url":"https:\/\/merazet.pl\/","name":"Merazet Pozna\u0144","description":"Sale and service of control and measurement equipment, elements of devices, elements, meters, non-electrical devices and devices as well as devices for devices and geodesy. Service repairs, calibrations, calibrations, inspections and maintenance. Quality confirmed by the ISO 9001 certificate.","publisher":{"@id":"https:\/\/merazet.pl\/#organization"},"alternateName":"Merazet S.A.","potentialAction":[{"@type":"SearchAction","target":{"@type":"EntryPoint","urlTemplate":"https:\/\/merazet.pl\/?s={search_term_string}"},"query-input":{"@type":"PropertyValueSpecification","valueRequired":true,"valueName":"search_term_string"}}],"inLanguage":"en-GB"},{"@type":"Organization","@id":"https:\/\/merazet.pl\/#organization","name":"MERAZET Sp\u00f3\u0142ka Akcyjna","alternateName":"Merazet","url":"https:\/\/merazet.pl\/","logo":{"@type":"ImageObject","inLanguage":"en-GB","@id":"https:\/\/merazet.pl\/#\/schema\/logo\/image\/","url":"https:\/\/merazet.pl\/wp-content\/uploads\/2021\/12\/merazet-transparent-logo-1.png","contentUrl":"https:\/\/merazet.pl\/wp-content\/uploads\/2021\/12\/merazet-transparent-logo-1.png","width":200,"height":54,"caption":"MERAZET Sp\u00f3\u0142ka Akcyjna"},"image":{"@id":"https:\/\/merazet.pl\/#\/schema\/logo\/image\/"}}]}},"_links":{"self":[{"href":"https:\/\/merazet.pl\/en\/wp-json\/wp\/v2\/product\/3005478","targetHints":{"allow":["GET"]}}],"collection":[{"href":"https:\/\/merazet.pl\/en\/wp-json\/wp\/v2\/product"}],"about":[{"href":"https:\/\/merazet.pl\/en\/wp-json\/wp\/v2\/types\/product"}],"wp:featuredmedia":[{"embeddable":true,"href":"https:\/\/merazet.pl\/en\/wp-json\/wp\/v2\/media\/3408804"}],"wp:attachment":[{"href":"https:\/\/merazet.pl\/en\/wp-json\/wp\/v2\/media?parent=3005478"}],"wp:term":[{"taxonomy":"product_brand","embeddable":true,"href":"https:\/\/merazet.pl\/en\/wp-json\/wp\/v2\/product_brand?post=3005478"},{"taxonomy":"product_cat","embeddable":true,"href":"https:\/\/merazet.pl\/en\/wp-json\/wp\/v2\/product_cat?post=3005478"},{"taxonomy":"product_tag","embeddable":true,"href":"https:\/\/merazet.pl\/en\/wp-json\/wp\/v2\/product_tag?post=3005478"}],"curies":[{"name":"wp","href":"https:\/\/api.w.org\/{rel}","templated":true}]}}